{"id":987696,"date":"2022-10-24T17:11:29","date_gmt":"2022-10-24T14:11:29","guid":{"rendered":"https:\/\/wtdemo.link\/fabrika2\/?page_id=987696"},"modified":"2022-10-30T20:39:45","modified_gmt":"2022-10-30T17:39:45","slug":"kaskorse-kumas","status":"publish","type":"page","link":"https:\/\/wtdemo.link\/fabrika2\/kaskorse-kumas","title":{"rendered":"Ka\u015fkorse Kuma\u015f"},"content":{"rendered":"<div class=\"vgblk-rw-wrapper limit-wrapper\">\r\n<h2>\r\n\t<strong>Ka\u015fkorse Kuma\u015f <\/strong>Nedir\r\n\t<\/h2>\r\n\t<p>Genelde k\u0131\u015f\u0131n tercih edilen bir kuma\u015f t\u00fcr\u00fc olan <strong><em><u>ka\u015fkorse kuma\u015f<\/u><\/em><\/strong> \u00e7e\u015fidi, 3 i\u011fneyle \u00f6r\u00fclmektedir. Bir \u00e7e\u015fit ribana olan ka\u015fkorse, enine uzama \u00f6zelli\u011fine sahiptir. Baz\u0131 elbiselerin kemerlerinde, uzama \u00f6zelli\u011fine sahip olduklar\u0131 i\u00e7in ka\u015fkorse kuma\u015f kullan\u0131l\u0131r.<\/p>\r\n<p>&nbsp;<\/p>\r\n<p>Son y\u0131llarda mikrofiber \u00fcr\u00fcnlerde ka\u015fkorse kuma\u015f \u00e7e\u015fitleri kullan\u0131lmaya ba\u015flam\u0131\u015ft\u0131r. Genelde kazaklarda, kemerlerde ve i\u00e7 \u00e7ama\u015f\u0131rlar\u0131nda kullan\u0131l\u0131rlar. Yanma ihtimali d\u00fc\u015f\u00fck olan kuma\u015flarda kullan\u0131lan ka\u015fkorse, hammaddesinin do\u011fal olmas\u0131 nedeniyle \u00e7ok s\u0131k tercih edilen bu kuma\u015flar, itfaiyecilerin \u00e7ok \u015f\u0131k tercih etti\u011fi kuma\u015f \u00e7e\u015fitlerinden biridir.<\/p>\r\n<p>Ka\u015fkorse kuma\u015flar, bir\u00e7ok farkl\u0131 giyim i\u00e7in tercih edilir. \u00d6zellikle kad\u0131n giyim \u00fcr\u00fcnlerinde \u00e7ok s\u0131k tercih edilen bir kuma\u015f \u00e7e\u015fididir. Ekonomik oldu\u011fundan bir\u00e7ok farkl\u0131 haz\u0131r giyim \u00fcr\u00fcn\u00fcnde kullan\u0131lmaktad\u0131r. \u00d6zellikle i\u00e7 \u00e7ama\u015f\u0131r\u0131 ve gecelik \u00fcr\u00fcnlerinde en s\u0131k tercih edilen ka\u015fkorse kuma\u015f, ribana kuma\u015fla benzerlik g\u00f6sterir.<\/p>\r\n<h1><strong><em>Ka\u015fkorse Kuma\u015f\u0131n \u00d6zellikleri<\/em><\/strong><\/h1>\r\n<p>Ka\u015fkorse kuma\u015f\u0131n genel \u00f6zelliklerini \u015fu \u015fekilde toparlayabiliriz:<\/p>\r\n<ul>\r\n<li>Enine ve boyuna esneme \u00f6zelli\u011fine sahiptir,<\/li>\r\n<li>\u00d6n\u00fc ve arkas\u0131 \u00e7izgili g\u00f6r\u00fcn\u00fcml\u00fc olan kuma\u015f t\u00fcrleridir,<\/li>\r\n<li>Ribana \u00f6rg\u00fc yap\u0131s\u0131na benzer \u015fekilde \u00fcretilir,<\/li>\r\n<li>\u00c7izgileri belirgindir, bir\u00e7ok i\u00e7 giyim \u00fcr\u00fcn\u00fcnde tercih edilir,<\/li>\r\n<li>Likra kullan\u0131lsa da kullan\u0131lmasa da kolay giyilip \u00e7\u0131kar\u0131l\u0131r,<\/li>\r\n<li>Desen alternatifi \u00e7oktur,<\/li>\r\n<li>Suni malzemeler eklenmedi\u011fi s\u00fcrece sa\u011fl\u0131kl\u0131 bir kuma\u015f \u00e7e\u015fididir,<\/li>\r\n<li>Yanmaya kar\u015f\u0131 dayan\u0131kl\u0131d\u0131r,<\/li>\r\n<li>Parlak ve mat \u00e7e\u015fitleri vard\u0131r,<\/li>\r\n<li>Kir tutma \u00f6zellikleri d\u00fc\u015f\u00fckt\u00fcr,<\/li>\r\n<li>\u015eekli kolay bozulmaz,<\/li>\r\n<li>Desen ve bask\u0131 kolay yap\u0131l\u0131r.<\/li>\r\n<\/ul>\r\n<p>Dayan\u0131kl\u0131 bir kuma\u015f t\u00fcr\u00fc olan <strong><em><u>ka\u015fkorse kuma\u015f\u0131n \u00f6zellikleri<\/u><\/em><\/strong> ribana kuma\u015fla benzerlik g\u00f6stermektedir.<\/p>\r\n<h2><strong><em>Ka\u015fkorse Kuma\u015f Nas\u0131l Y\u0131kan\u0131r?<\/em><\/strong><\/h2>\r\n<p>Ka\u015fkorse kuma\u015f kolay y\u0131kanan bir kuma\u015ft\u0131r. Makinede kolayca y\u0131kanabilir. \u00c7ok s\u0131cak dereceler tercih edilmemekle birlikte, s\u0131cakta da y\u0131kanabilir. \u00dct\u00fcleme gerektirmedi\u011fi i\u00e7in, y\u0131kanma konusunda sorun \u00e7\u0131karmayan bir kuma\u015f \u00e7e\u015fididir.<\/p>\r\n<p>Baz\u0131 kuma\u015flar\u0131n i\u00e7inde suni par\u00e7alar bulundu\u011fu i\u00e7in elde y\u0131kama tercih edilebilir. Ancak  desenli kuma\u015flar\u0131n \u00e7ok y\u00fcksek s\u0131cakl\u0131kta y\u0131kanmas\u0131 renklerin ka\u00e7mas\u0131na neden olabilir. Bu y\u00fczde 60 derecenin \u00fczerinde y\u0131kanmalar\u0131 uygun olmayabilir.<\/p>\r\n<h2><strong><em>Ka\u015fkorse Hangi \u00dcr\u00fcnlerde Tercih Edilir?<\/em><\/strong><\/h2>\r\n<p>Ka\u015fkorse en s\u0131k bayan i\u00e7 \u00e7ama\u015f\u0131r\u0131 \u00fcretiminde kullan\u0131lmaktad\u0131r. Onun d\u0131\u015f\u0131nda hemen hemen bir\u00e7ok giyim \u00fcr\u00fcn\u00fcnde kullan\u0131lmaktad\u0131r.<\/p>\r\n<ul>\r\n<li>\u0130\u00e7 \u00e7ama\u015f\u0131r\u0131,<\/li>\r\n<li>Gecelik,<\/li>\r\n<li>Mikrofiber bezler,<\/li>\r\n<li>G\u00f6mlek ve bluzlar,<\/li>\r\n<li>\u0130tfaiye k\u0131yafetleri,<\/li>\r\n<li>Bir\u00e7ok giyim \u00fcr\u00fcn\u00fcnde kullan\u0131lmaktad\u0131r.<\/li>\r\n<\/ul>\r\n<h2><em><strong>Ka\u015fkorse \u00c7e\u015fitleri :<\/strong><\/em><\/h2>\r\n<p>OE Ka\u015fkorse<\/p>\r\n<p>Penye Ka\u015fkorse<\/p>\r\n<p>Likral\u0131 Ka\u015fkorse<\/p>\r\n<p>\u00c7izgili Ka\u015fkorse<\/p>\r\n<p>Jakarl\u0131 Ka\u015fkorse<\/p>\r\n\t\t\t\t\t\t\t<img decoding=\"async\" loading=\"lazy\" src=\"https:\/\/wtdemo.link\/fabrika2\/wp-content\/uploads\/2022\/10\/6.png\" alt=\"6\" itemprop=\"image\" height=\"400\" width=\"400\" title=\"6\" onerror=\"this.style.display='none'\"  sizes=\"auto, (max-width: 768px) 100vw, 100vw\" srcset=\"data:image\/svg+xml;utf8,&lt;svg%20xmlns=&quot;http:\/\/www.w3.org\/2000\/svg&quot;%20viewBox=&quot;0%200%20400%20400&quot;%20height=&quot;400px&quot;%20width=&quot;400px&quot;\/&gt;\" data-srcset=\"https:\/\/wtdemo.link\/fabrika2\/wp-content\/uploads\/2022\/10\/6.png 400w, https:\/\/wtdemo.link\/fabrika2\/wp-content\/uploads\/2022\/10\/6-300x300.png 300w, https:\/\/wtdemo.link\/fabrika2\/wp-content\/uploads\/2022\/10\/6-150x150.png 150w, https:\/\/wtdemo.link\/fabrika2\/wp-content\/uploads\/2022\/10\/6-315x315.png 315w, https:\/\/wtdemo.link\/fabrika2\/wp-content\/uploads\/2022\/10\/6-100x100.png 100w\" \/>\t\t\t\t\t\t\t\r\n\r\n<\/div><!-- .vgblk-rw-wrapper -->","protected":false},"excerpt":{"rendered":"<p>Ka\u015fkorse Kuma\u015f Nedir Genelde k\u0131\u015f\u0131n tercih edilen bir kuma\u015f t\u00fcr\u00fc olan ka\u015fkorse kuma\u015f \u00e7e\u015fidi, 3 i\u011fneyle \u00f6r\u00fclmektedir. Bir \u00e7e\u015fit ribana olan ka\u015fkorse, enine uzama \u00f6zelli\u011fine sahiptir. Baz\u0131 elbiselerin kemerlerinde, uzama \u00f6zelli\u011fine sahip olduklar\u0131 i\u00e7in ka\u015fkorse kuma\u015f kullan\u0131l\u0131r. &nbsp; Son y\u0131llarda mikrofiber \u00fcr\u00fcnlerde ka\u015fkorse kuma\u015f \u00e7e\u015fitleri kullan\u0131lmaya ba\u015flam\u0131\u015ft\u0131r. Genelde kazaklarda, kemerlerde ve i\u00e7 \u00e7ama\u015f\u0131rlar\u0131nda kullan\u0131l\u0131rlar. Yanma&#8230;<\/p>\n","protected":false},"author":1,"featured_media":0,"parent":0,"menu_order":0,"comment_status":"closed","ping_status":"closed","template":"","meta":{"inline_featured_image":false,"footnotes":""},"class_list":["post-987696","page","type-page","status-publish","hentry"],"_links":{"self":[{"href":"https:\/\/wtdemo.link\/fabrika2\/wp-json\/wp\/v2\/pages\/987696","targetHints":{"allow":["GET"]}}],"collection":[{"href":"https:\/\/wtdemo.link\/fabrika2\/wp-json\/wp\/v2\/pages"}],"about":[{"href":"https:\/\/wtdemo.link\/fabrika2\/wp-json\/wp\/v2\/types\/page"}],"author":[{"embeddable":true,"href":"https:\/\/wtdemo.link\/fabrika2\/wp-json\/wp\/v2\/users\/1"}],"replies":[{"embeddable":true,"href":"https:\/\/wtdemo.link\/fabrika2\/wp-json\/wp\/v2\/comments?post=987696"}],"version-history":[{"count":2,"href":"https:\/\/wtdemo.link\/fabrika2\/wp-json\/wp\/v2\/pages\/987696\/revisions"}],"predecessor-version":[{"id":987733,"href":"https:\/\/wtdemo.link\/fabrika2\/wp-json\/wp\/v2\/pages\/987696\/revisions\/987733"}],"wp:attachment":[{"href":"https:\/\/wtdemo.link\/fabrika2\/wp-json\/wp\/v2\/media?parent=987696"}],"curies":[{"name":"wp","href":"https:\/\/api.w.org\/{rel}","templated":true}]}}